{"id":19790,"date":"2024-06-19T13:31:37","date_gmt":"2024-06-19T12:31:37","guid":{"rendered":"https:\/\/transvulcania.com\/?page_id=19790"},"modified":"2026-04-30T11:35:32","modified_gmt":"2026-04-30T10:35:32","slug":"oeffentliche-zugaenge","status":"publish","type":"page","link":"https:\/\/transvulcania.com\/de\/oeffentliche-zugaenge\/","title":{"rendered":"\u00d6ffentliche Zug\u00e4nge"},"content":{"rendered":"\t\t<div data-elementor-type=\"wp-page\" data-elementor-id=\"19790\" class=\"elementor elementor-19790 elementor-4477\" data-elementor-post-type=\"page\">\n\t\t\t\t\t\t<section class=\"elementor-section elementor-top-section elementor-element elementor-element-43d265e elementor-section-stretched elementor-section-boxed elementor-section-height-default elementor-section-height-default\" data-id=\"43d265e\" data-element_type=\"section\" data-e-type=\"section\" data-settings=\"{&quot;background_background&quot;:&quot;classic&quot;,&quot;stretch_section&quot;:&quot;section-stretched&quot;,&quot;shape_divider_top&quot;:&quot;pyramids&quot;}\">\n\t\t\t\t\t\t\t<div class=\"elementor-background-overlay\"><\/div>\n\t\t\t\t\t\t<div class=\"elementor-shape elementor-shape-top\" aria-hidden=\"true\" data-negative=\"false\">\n\t\t\t<svg xmlns=\"http:\/\/www.w3.org\/2000\/svg\" viewBox=\"0 0 1000 100\" preserveAspectRatio=\"none\">\n\t<path class=\"elementor-shape-fill\" d=\"M761.9,44.1L643.1,27.2L333.8,98L0,3.8V0l1000,0v3.9\"\/>\n<\/svg>\t\t<\/div>\n\t\t\t\t\t<div class=\"elementor-container elementor-column-gap-no\">\n\t\t\t\t\t<div class=\"elementor-column elementor-col-100 elementor-top-column elementor-element elementor-element-3149c58\" data-id=\"3149c58\" data-element_type=\"column\" data-e-type=\"column\">\n\t\t\t<div class=\"elementor-widget-wrap elementor-element-populated\">\n\t\t\t\t<div class=\"elementor-element elementor-element-3f689e9 e-con-full e-flex e-con e-parent\" data-id=\"3f689e9\" data-element_type=\"container\" data-e-type=\"container\">\n\t\t<div class=\"elementor-element elementor-element-3ed78a9 e-con-full e-flex elementor-invisible e-con e-child\" data-id=\"3ed78a9\" data-element_type=\"container\" data-e-type=\"container\" data-settings=\"{&quot;background_background&quot;:&quot;classic&quot;,&quot;animation&quot;:&quot;fadeInRight&quot;}\">\n\t\t\t\t<div class=\"elementor-element elementor-element-4080907 elementor-widget elementor-widget-text-editor\" data-id=\"4080907\" data-element_type=\"widget\" data-e-type=\"widget\" data-widget_type=\"text-editor.default\">\n\t\t\t\t<div class=\"elementor-widget-container\">\n\t\t\t\t\t\t\t\t\t<h4>Die Zuschauer k\u00f6nnen die bekanntesten Orte der adidas Transvulcania erneut besuchen.<\/h4><p>Eines der Hauptziele der Organisatoren war es, diesem Wunsch der Bev\u00f6lkerung nachzukommen und der \u00d6ffentlichkeit wieder den Zugang zu zuvor gesperrten Bereichen wie dem Leuchtturm von Fuencaliente zu erm\u00f6glichen oder den Zugang zur Bergh\u00fctte El Pilar wie in fr\u00fcheren Ausgaben wiederherzustellen. So k\u00f6nnen die Zuschauer bei dieser Ausgabe ihre Fahrzeuge wieder bis zu diesen symboltr\u00e4chtigen Punkten entlang der Rennstrecke fahren.<\/p><p><strong>Der Zugang zum Leuchtturm von Fuencaliente<\/strong> ist nur \u00fcber die Stra\u00dfe von Las Indias (LP-209) m\u00f6glich, mit einer Kontrollstelle in der N\u00e4he des Hotelkomplexes (LP-207), an der die Fahrer dar\u00fcber informiert werden, dass sie, sobald sie diesen Punkt passieren, bis nach dem Start des Halbmarathons warten m\u00fcssen, um das Gebiet zu verlassen, wobei sie ausschlie\u00dflich in Richtung Las Caletas (LP-207) fahren d\u00fcrfen.<\/p><p>Die linke Fahrspur dieser Stra\u00dfe, der LP-207, wird auf dem Abschnitt zwischen Playa de Echentive und der Abzweigung zum Leuchtturm als Parkfl\u00e4che genutzt. Es werden jederzeit Beamte und Mitarbeiter der staatlichen Sicherheitskr\u00e4fte vor Ort sein, um die Autofahrer zu leiten und ihnen zu zeigen, wo jedes Fahrzeug zu parken ist, damit der Zugang zum Gebiet nicht blockiert wird. Die Fahrzeuge werden in der Reihenfolge ihres Eintreffens geparkt, und die Zuschauer, die von ihren Fahrzeugen zum Startbereich am Leuchtturm laufen m\u00fcssen, sollten eine Warnweste oder eine Leuchtweste tragen.<\/p><p>Die Abfahrt nach <strong>El Faro<\/strong> \u00fcber Las Caletas (LP-207) ist hingegen gesperrt und darf nur von Bussen befahren werden, die die L\u00e4ufer bef\u00f6rdern. Wir empfehlen, rechtzeitig anzureisen, da der Ultramarathon um 6:00 Uhr beginnt und an diesem Ort mit gro\u00dfem Publikumsandrang zu rechnen ist.<\/p><p>Zuschauer haben auch wieder Zugang zur Bergh\u00fctte \u201e<strong>Refugio de El Pilar<\/strong>\u201c. In diesem Fall ist die Anfahrt mit dem Privatfahrzeug nur \u00fcber San Isidro (LP-301) auf der Ostseite der Insel gestattet. Die Anfahrt \u00fcber den Aufstieg von El Paso (Westseite) ist nur mit den Shuttlebussen m\u00f6glich, die die Organisation der \u00d6ffentlichkeit zur Verf\u00fcgung stellt. Diese fahren zwischen 4:30 und 13:30 Uhr vom Besucherzentrum der Caldera de Taburiente und von der Bushaltestelle Las Piedras ab. Wer diesen Ort mit dem Privatfahrzeug erreichen m\u00f6chte, muss daher ausschlie\u00dflich die Route \u00fcber San Isidro (LP-301) nutzen, wo im Gebiet Hoya del Rehielo auch Parkpl\u00e4tze zur Verf\u00fcgung stehen. Alle Fahrzeuge, die diese Stra\u00dfe benutzen, m\u00fcssen jedoch auf demselben Weg zur\u00fcckfahren, da es w\u00e4hrend der Dauer der Beschr\u00e4nkungen keine M\u00f6glichkeit gibt, ins Valle de Aridane zu gelangen.<\/p><p>Am Ortseingang von <strong>Los Canarios<\/strong> kommt es zwischen 6:30 und 9:30 Uhr morgens zu zeitweiligen Verkehrsunterbrechungen, um den L\u00e4ufern die Durchfahrt zu erm\u00f6glichen. Betroffen sind die Kreuzung am Eingang zum Besucherzentrum der Vulkane von Fuencaliente (oberhalb von Bodegas Carballo) und die Kreuzung der Stra\u00dfe LP-2 in der N\u00e4he der Bar Parada, wo die Stra\u00dfe vollst\u00e4ndig gesperrt sein wird. Au\u00dferdem bleibt die LP-2 von der Kreuzung der LP-2 mit der LP-209 bis zur Kreuzung der LP-2 mit der Calle Venezuela und der Calle Jos\u00e9 Pons gesperrt.<\/p><p>Was die Zufahrt zum <strong>El Roque de Los Muchachos<\/strong> betrifft, so wird der Verkehr am Eingang zum GTC (Gran Telescopio de Canarias), der sich etwa einen Kilometer von der Hilfsstation entfernt befindet, gesperrt. Nicht zugelassene Fahrzeuge d\u00fcrfen diesen Punkt nicht passieren, weshalb die linke Fahrspur als Parkfl\u00e4che genutzt wird. Es wird einen durchgehenden Shuttlebus-Service vom Parkplatz des Teleskops zum dortigen Hilfsposten geben.<\/p><p>Die Zufahrt nach <strong>El Roque de Los Muchachos<\/strong> ist von Garaf\u00eda aus gestattet. Auch die Zufahrt von Santa Cruz de La Palma nach El Roque de Los Muchachos ist erlaubt, jedoch ist eine R\u00fcckfahrt auf derselben Strecke jenseits der Verkehrsinformationsstelle an der Kreuzung Pico de La Nieve nicht m\u00f6glich. Wenn Sie auf demselben Weg nach Santa Cruz de La Palma zur\u00fcckkehren m\u00f6chten, m\u00fcssen Sie Ihr Auto am Pico de La Nieve abstellen und die zur Verf\u00fcgung stehenden Shuttlebusse nutzen, um nach El Roque de Los Muchachos und zur\u00fcck zu gelangen. Wenn Sie beabsichtigen, \u00fcber die Stra\u00dfe von Garaf\u00eda hinabzufahren, k\u00f6nnen Sie dieser Route folgen. Bitte beachten Sie, dass Sie nach Passieren des genannten Punktes nicht mehr mit Ihrem Fahrzeug zur\u00fcckkehren k\u00f6nnen.<\/p><p><strong>In Los Llanos de Aridane<\/strong> bleiben aufgrund des hohen Besucheraufkommens folgende Stra\u00dfen im Stadtgebiet gesperrt: die Avenida Doctor Fleming, die Calle \u00c1ngel, die Calle Fern\u00e1ndez Ta\u00f1o und die Avenida Enrique Mederos (vom Mercado Municipal bis zur Avenida Doctor Fleming).<\/p>\t\t\t\t\t\t\t\t<\/div>\n\t\t\t\t<\/div>\n\t\t\t\t<\/div>\n\t\t<div class=\"elementor-element elementor-element-fb63400 e-con-full e-flex elementor-invisible e-con e-child\" data-id=\"fb63400\" data-element_type=\"container\" data-e-type=\"container\" data-settings=\"{&quot;background_background&quot;:&quot;classic&quot;,&quot;animation&quot;:&quot;fadeInRight&quot;}\">\n\t\t\t\t<div class=\"elementor-element elementor-element-d6d61af elementor-widget elementor-widget-image\" data-id=\"d6d61af\" data-element_type=\"widget\" data-e-type=\"widget\" data-widget_type=\"image.default\">\n\t\t\t\t<div class=\"elementor-widget-container\">\n\t\t\t\t\t\t\t\t\t\t\t\t\t\t\t\t<a href=\"https:\/\/transvulcania.com\/wp-content\/uploads\/2026\/04\/Mapa-Faro-de-Fuencaliente-3-scaled-1-1.jpg\" data-elementor-open-lightbox=\"yes\" data-elementor-lightbox-title=\"Mapa-Faro-de-Fuencaliente-3-scaled-1.jpg\" data-e-action-hash=\"#elementor-action%3Aaction%3Dlightbox%26settings%3DeyJpZCI6MjEzMjAsInVybCI6Imh0dHBzOlwvXC90cmFuc3Z1bGNhbmlhLmNvbVwvd3AtY29udGVudFwvdXBsb2Fkc1wvMjAyNlwvMDRcL01hcGEtRmFyby1kZS1GdWVuY2FsaWVudGUtMy1zY2FsZWQtMS0xLmpwZyJ9\">\n\t\t\t\t\t\t\t<img fetchpriority=\"high\" decoding=\"async\" width=\"900\" height=\"517\" src=\"https:\/\/transvulcania.com\/wp-content\/uploads\/2026\/04\/Mapa-Faro-de-Fuencaliente-3-scaled-1-1-1024x588.jpg\" class=\"attachment-large size-large wp-image-21320\" alt=\"\" srcset=\"https:\/\/transvulcania.com\/wp-content\/uploads\/2026\/04\/Mapa-Faro-de-Fuencaliente-3-scaled-1-1-1024x588.jpg 1024w, https:\/\/transvulcania.com\/wp-content\/uploads\/2026\/04\/Mapa-Faro-de-Fuencaliente-3-scaled-1-1-300x172.jpg 300w, https:\/\/transvulcania.com\/wp-content\/uploads\/2026\/04\/Mapa-Faro-de-Fuencaliente-3-scaled-1-1-768x441.jpg 768w, https:\/\/transvulcania.com\/wp-content\/uploads\/2026\/04\/Mapa-Faro-de-Fuencaliente-3-scaled-1-1-1536x883.jpg 1536w, https:\/\/transvulcania.com\/wp-content\/uploads\/2026\/04\/Mapa-Faro-de-Fuencaliente-3-scaled-1-1-2048x1177.jpg 2048w\" sizes=\"(max-width: 900px) 100vw, 900px\" \/>\t\t\t\t\t\t\t\t<\/a>\n\t\t\t\t\t\t\t\t\t\t\t\t\t\t\t<\/div>\n\t\t\t\t<\/div>\n\t\t\t\t<div class=\"elementor-element elementor-element-4b43e74 elementor-widget elementor-widget-image\" data-id=\"4b43e74\" data-element_type=\"widget\" data-e-type=\"widget\" data-widget_type=\"image.default\">\n\t\t\t\t<div class=\"elementor-widget-container\">\n\t\t\t\t\t\t\t\t\t\t\t\t\t\t\t\t<a href=\"https:\/\/transvulcania.com\/wp-content\/uploads\/2026\/04\/Mapa-Refugio-de-El-Pilar-1-scaled-1-1.jpg\" data-elementor-open-lightbox=\"yes\" data-elementor-lightbox-title=\"Mapa-Refugio-de-El-Pilar-1-scaled-1.jpg\" data-e-action-hash=\"#elementor-action%3Aaction%3Dlightbox%26settings%3DeyJpZCI6MjEzMjMsInVybCI6Imh0dHBzOlwvXC90cmFuc3Z1bGNhbmlhLmNvbVwvd3AtY29udGVudFwvdXBsb2Fkc1wvMjAyNlwvMDRcL01hcGEtUmVmdWdpby1kZS1FbC1QaWxhci0xLXNjYWxlZC0xLTEuanBnIn0%3D\">\n\t\t\t\t\t\t\t<img decoding=\"async\" width=\"900\" height=\"395\" src=\"https:\/\/transvulcania.com\/wp-content\/uploads\/2026\/04\/Mapa-Refugio-de-El-Pilar-1-scaled-1-1-1024x449.jpg\" class=\"attachment-large size-large wp-image-21323\" alt=\"\" srcset=\"https:\/\/transvulcania.com\/wp-content\/uploads\/2026\/04\/Mapa-Refugio-de-El-Pilar-1-scaled-1-1-1024x449.jpg 1024w, https:\/\/transvulcania.com\/wp-content\/uploads\/2026\/04\/Mapa-Refugio-de-El-Pilar-1-scaled-1-1-300x132.jpg 300w, https:\/\/transvulcania.com\/wp-content\/uploads\/2026\/04\/Mapa-Refugio-de-El-Pilar-1-scaled-1-1-768x337.jpg 768w, https:\/\/transvulcania.com\/wp-content\/uploads\/2026\/04\/Mapa-Refugio-de-El-Pilar-1-scaled-1-1-1536x674.jpg 1536w, https:\/\/transvulcania.com\/wp-content\/uploads\/2026\/04\/Mapa-Refugio-de-El-Pilar-1-scaled-1-1-2048x898.jpg 2048w\" sizes=\"(max-width: 900px) 100vw, 900px\" \/>\t\t\t\t\t\t\t\t<\/a>\n\t\t\t\t\t\t\t\t\t\t\t\t\t\t\t<\/div>\n\t\t\t\t<\/div>\n\t\t\t\t<div class=\"elementor-element elementor-element-d90998b elementor-widget elementor-widget-image\" data-id=\"d90998b\" data-element_type=\"widget\" data-e-type=\"widget\" data-widget_type=\"image.default\">\n\t\t\t\t<div class=\"elementor-widget-container\">\n\t\t\t\t\t\t\t\t\t\t\t\t\t\t\t\t<a href=\"https:\/\/transvulcania.com\/wp-content\/uploads\/2026\/04\/Roque_Muchachos_Mapa-1-1.jpg\" data-elementor-open-lightbox=\"yes\" data-elementor-lightbox-title=\"Roque_Muchachos_Mapa-1.jpg\" data-e-action-hash=\"#elementor-action%3Aaction%3Dlightbox%26settings%3DeyJpZCI6MjEzMjYsInVybCI6Imh0dHBzOlwvXC90cmFuc3Z1bGNhbmlhLmNvbVwvd3AtY29udGVudFwvdXBsb2Fkc1wvMjAyNlwvMDRcL1JvcXVlX011Y2hhY2hvc19NYXBhLTEtMS5qcGcifQ%3D%3D\">\n\t\t\t\t\t\t\t<img decoding=\"async\" width=\"800\" height=\"513\" src=\"https:\/\/transvulcania.com\/wp-content\/uploads\/2026\/04\/Roque_Muchachos_Mapa-1-1.jpg\" class=\"attachment-large size-large wp-image-21326\" alt=\"\" srcset=\"https:\/\/transvulcania.com\/wp-content\/uploads\/2026\/04\/Roque_Muchachos_Mapa-1-1.jpg 800w, https:\/\/transvulcania.com\/wp-content\/uploads\/2026\/04\/Roque_Muchachos_Mapa-1-1-300x192.jpg 300w, https:\/\/transvulcania.com\/wp-content\/uploads\/2026\/04\/Roque_Muchachos_Mapa-1-1-768x492.jpg 768w\" sizes=\"(max-width: 800px) 100vw, 800px\" \/>\t\t\t\t\t\t\t\t<\/a>\n\t\t\t\t\t\t\t\t\t\t\t\t\t\t\t<\/div>\n\t\t\t\t<\/div>\n\t\t\t\t<div class=\"elementor-element elementor-element-ca48786 elementor-widget elementor-widget-image\" data-id=\"ca48786\" data-element_type=\"widget\" data-e-type=\"widget\" data-widget_type=\"image.default\">\n\t\t\t\t<div class=\"elementor-widget-container\">\n\t\t\t\t\t\t\t\t\t\t\t\t\t\t\t\t<a href=\"https:\/\/transvulcania.com\/wp-content\/uploads\/2026\/04\/cartel_carretera-1-1.jpg\" data-elementor-open-lightbox=\"yes\" data-elementor-lightbox-title=\"cartel_carretera-1.jpg\" data-e-action-hash=\"#elementor-action%3Aaction%3Dlightbox%26settings%3DeyJpZCI6MjEzMjksInVybCI6Imh0dHBzOlwvXC90cmFuc3Z1bGNhbmlhLmNvbVwvd3AtY29udGVudFwvdXBsb2Fkc1wvMjAyNlwvMDRcL2NhcnRlbF9jYXJyZXRlcmEtMS0xLmpwZyJ9\">\n\t\t\t\t\t\t\t<img loading=\"lazy\" decoding=\"async\" width=\"900\" height=\"770\" src=\"https:\/\/transvulcania.com\/wp-content\/uploads\/2026\/04\/cartel_carretera-1-1.jpg\" class=\"attachment-large size-large wp-image-21329\" alt=\"\" srcset=\"https:\/\/transvulcania.com\/wp-content\/uploads\/2026\/04\/cartel_carretera-1-1.jpg 1000w, https:\/\/transvulcania.com\/wp-content\/uploads\/2026\/04\/cartel_carretera-1-1-300x257.jpg 300w, https:\/\/transvulcania.com\/wp-content\/uploads\/2026\/04\/cartel_carretera-1-1-768x657.jpg 768w\" sizes=\"(max-width: 900px) 100vw, 900px\" \/>\t\t\t\t\t\t\t\t<\/a>\n\t\t\t\t\t\t\t\t\t\t\t\t\t\t\t<\/div>\n\t\t\t\t<\/div>\n\t\t\t\t<\/div>\n\t\t\t\t<\/div>\n\t\t\t\t\t<\/div>\n\t\t<\/div>\n\t\t\t\t\t<\/div>\n\t\t<\/section>\n\t\t\t\t<\/div>\n\t\t","protected":false},"excerpt":{"rendered":"<p>Die Zuschauer k\u00f6nnen die bekanntesten Orte der adidas Transvulcania erneut besuchen. Eines der Hauptziele der Organisatoren war es, diesem Wunsch der Bev\u00f6lkerung nachzukommen und der \u00d6ffentlichkeit wieder den Zugang zu zuvor gesperrten Bereichen wie dem Leuchtturm von Fuencaliente zu erm\u00f6glichen oder den Zugang zur Bergh\u00fctte El Pilar wie in fr\u00fcheren Ausgaben wiederherzustellen. So k\u00f6nnen die &#8230; <a title=\"\u00d6ffentliche Zug\u00e4nge\" class=\"read-more\" href=\"https:\/\/transvulcania.com\/de\/oeffentliche-zugaenge\/\" aria-label=\"Mehr Informationen \u00fcber \u00d6ffentliche Zug\u00e4nge\">Weiterlesen<\/a><\/p>\n","protected":false},"author":1,"featured_media":0,"parent":0,"menu_order":0,"comment_status":"closed","ping_status":"closed","template":"","meta":{"footnotes":""},"class_list":["post-19790","page","type-page","status-publish"],"yoast_head":"<!-- This site is optimized with the Yoast SEO Premium plugin v21.2 (Yoast SEO v21.2) - https:\/\/yoast.com\/wordpress\/plugins\/seo\/ -->\n<title>\u00d6ffentliche Zug\u00e4nge - Transvulcania Terrex 2026 - Ultramarathon La Palma<\/title>\n<meta name=\"description\" content=\"Informationen zur Nachhaltigkeit der Transvulcania, deren Ziel es ist, sich als vollst\u00e4ndig nachhaltige Veranstaltung zu etablieren\" \/>\n<meta name=\"robots\" content=\"index, follow, max-snippet:-1, max-image-preview:large, max-video-preview:-1\" \/>\n<link rel=\"canonical\" href=\"https:\/\/transvulcania.com\/de\/oeffentliche-zugaenge\/\" \/>\n<meta property=\"og:locale\" content=\"de_DE\" \/>\n<meta property=\"og:type\" content=\"article\" \/>\n<meta property=\"og:title\" content=\"\u00d6ffentliche Zug\u00e4nge\" \/>\n<meta property=\"og:description\" content=\"Informationen zur Nachhaltigkeit der Transvulcania, deren Ziel es ist, sich als vollst\u00e4ndig nachhaltige Veranstaltung zu etablieren\" \/>\n<meta property=\"og:url\" content=\"https:\/\/transvulcania.com\/de\/oeffentliche-zugaenge\/\" \/>\n<meta property=\"og:site_name\" content=\"Transvulcania Terrex 2026 - Ultramarathon La Palma\" \/>\n<meta property=\"article:modified_time\" content=\"2026-04-30T10:35:32+00:00\" \/>\n<meta property=\"og:image\" content=\"https:\/\/transvulcania.com\/wp-content\/uploads\/2026\/04\/Mapa-Faro-de-Fuencaliente-3-scaled-1-1-1024x588.jpg\" \/>\n<meta name=\"twitter:card\" content=\"summary_large_image\" \/>\n<meta name=\"twitter:label1\" content=\"Gesch\u00e4tzte Lesezeit\" \/>\n\t<meta name=\"twitter:data1\" content=\"5\u00a0Minuten\" \/>\n<script type=\"application\/ld+json\" class=\"yoast-schema-graph\">{\"@context\":\"https:\/\/schema.org\",\"@graph\":[{\"@type\":\"WebPage\",\"@id\":\"https:\/\/transvulcania.com\/de\/oeffentliche-zugaenge\/\",\"url\":\"https:\/\/transvulcania.com\/de\/oeffentliche-zugaenge\/\",\"name\":\"\u00d6ffentliche Zug\u00e4nge - Transvulcania Terrex 2026 - Ultramarathon La Palma\",\"isPartOf\":{\"@id\":\"https:\/\/transvulcania.com\/de\/#website\"},\"datePublished\":\"2024-06-19T12:31:37+00:00\",\"dateModified\":\"2026-04-30T10:35:32+00:00\",\"description\":\"Informationen zur Nachhaltigkeit der Transvulcania, deren Ziel es ist, sich als vollst\u00e4ndig nachhaltige Veranstaltung zu etablieren\",\"breadcrumb\":{\"@id\":\"https:\/\/transvulcania.com\/de\/oeffentliche-zugaenge\/#breadcrumb\"},\"inLanguage\":\"de\",\"potentialAction\":[{\"@type\":\"ReadAction\",\"target\":[\"https:\/\/transvulcania.com\/de\/oeffentliche-zugaenge\/\"]}]},{\"@type\":\"BreadcrumbList\",\"@id\":\"https:\/\/transvulcania.com\/de\/oeffentliche-zugaenge\/#breadcrumb\",\"itemListElement\":[{\"@type\":\"ListItem\",\"position\":1,\"name\":\"Home\",\"item\":\"https:\/\/transvulcania.com\/de\/\"},{\"@type\":\"ListItem\",\"position\":2,\"name\":\"\u00d6ffentliche Zug\u00e4nge\"}]},{\"@type\":\"WebSite\",\"@id\":\"https:\/\/transvulcania.com\/de\/#website\",\"url\":\"https:\/\/transvulcania.com\/de\/\",\"name\":\"Transvulcania Terrex 2026 - Ultramarathon La Palma\",\"description\":\"Transvulcania Terrex 2026 - XVI Edici\u00f3n de la Ultramarat\u00f3n de monta\u00f1a de la Isla La Palma\",\"publisher\":{\"@id\":\"https:\/\/transvulcania.com\/de\/#organization\"},\"potentialAction\":[{\"@type\":\"SearchAction\",\"target\":{\"@type\":\"EntryPoint\",\"urlTemplate\":\"https:\/\/transvulcania.com\/de\/?s={search_term_string}\"},\"query-input\":\"required name=search_term_string\"}],\"inLanguage\":\"de\"},{\"@type\":\"Organization\",\"@id\":\"https:\/\/transvulcania.com\/de\/#organization\",\"name\":\"Transvulcania Terrex 2026 - Ultramarathon La Palma\",\"url\":\"https:\/\/transvulcania.com\/de\/\",\"logo\":{\"@type\":\"ImageObject\",\"inLanguage\":\"de\",\"@id\":\"https:\/\/transvulcania.com\/de\/#\/schema\/logo\/image\/\",\"url\":\"https:\/\/transvulcania.com\/wp-content\/uploads\/2024\/03\/Logo_Transvulcania_Terrex.png\",\"contentUrl\":\"https:\/\/transvulcania.com\/wp-content\/uploads\/2024\/03\/Logo_Transvulcania_Terrex.png\",\"width\":431,\"height\":552,\"caption\":\"Transvulcania Terrex 2026 - Ultramarathon La Palma\"},\"image\":{\"@id\":\"https:\/\/transvulcania.com\/de\/#\/schema\/logo\/image\/\"}}]}<\/script>\n<!-- \/ Yoast SEO Premium plugin. -->","yoast_head_json":{"title":"\u00d6ffentliche Zug\u00e4nge - Transvulcania Terrex 2026 - Ultramarathon La Palma","description":"Informationen zur Nachhaltigkeit der Transvulcania, deren Ziel es ist, sich als vollst\u00e4ndig nachhaltige Veranstaltung zu etablieren","robots":{"index":"index","follow":"follow","max-snippet":"max-snippet:-1","max-image-preview":"max-image-preview:large","max-video-preview":"max-video-preview:-1"},"canonical":"https:\/\/transvulcania.com\/de\/oeffentliche-zugaenge\/","og_locale":"de_DE","og_type":"article","og_title":"\u00d6ffentliche Zug\u00e4nge","og_description":"Informationen zur Nachhaltigkeit der Transvulcania, deren Ziel es ist, sich als vollst\u00e4ndig nachhaltige Veranstaltung zu etablieren","og_url":"https:\/\/transvulcania.com\/de\/oeffentliche-zugaenge\/","og_site_name":"Transvulcania Terrex 2026 - Ultramarathon La Palma","article_modified_time":"2026-04-30T10:35:32+00:00","og_image":[{"url":"https:\/\/transvulcania.com\/wp-content\/uploads\/2026\/04\/Mapa-Faro-de-Fuencaliente-3-scaled-1-1-1024x588.jpg"}],"twitter_card":"summary_large_image","twitter_misc":{"Gesch\u00e4tzte Lesezeit":"5\u00a0Minuten"},"schema":{"@context":"https:\/\/schema.org","@graph":[{"@type":"WebPage","@id":"https:\/\/transvulcania.com\/de\/oeffentliche-zugaenge\/","url":"https:\/\/transvulcania.com\/de\/oeffentliche-zugaenge\/","name":"\u00d6ffentliche Zug\u00e4nge - Transvulcania Terrex 2026 - Ultramarathon La Palma","isPartOf":{"@id":"https:\/\/transvulcania.com\/de\/#website"},"datePublished":"2024-06-19T12:31:37+00:00","dateModified":"2026-04-30T10:35:32+00:00","description":"Informationen zur Nachhaltigkeit der Transvulcania, deren Ziel es ist, sich als vollst\u00e4ndig nachhaltige Veranstaltung zu etablieren","breadcrumb":{"@id":"https:\/\/transvulcania.com\/de\/oeffentliche-zugaenge\/#breadcrumb"},"inLanguage":"de","potentialAction":[{"@type":"ReadAction","target":["https:\/\/transvulcania.com\/de\/oeffentliche-zugaenge\/"]}]},{"@type":"BreadcrumbList","@id":"https:\/\/transvulcania.com\/de\/oeffentliche-zugaenge\/#breadcrumb","itemListElement":[{"@type":"ListItem","position":1,"name":"Home","item":"https:\/\/transvulcania.com\/de\/"},{"@type":"ListItem","position":2,"name":"\u00d6ffentliche Zug\u00e4nge"}]},{"@type":"WebSite","@id":"https:\/\/transvulcania.com\/de\/#website","url":"https:\/\/transvulcania.com\/de\/","name":"Transvulcania Terrex 2026 - Ultramarathon La Palma","description":"Transvulcania Terrex 2026 - XVI Edici\u00f3n de la Ultramarat\u00f3n de monta\u00f1a de la Isla La Palma","publisher":{"@id":"https:\/\/transvulcania.com\/de\/#organization"},"potentialAction":[{"@type":"SearchAction","target":{"@type":"EntryPoint","urlTemplate":"https:\/\/transvulcania.com\/de\/?s={search_term_string}"},"query-input":"required name=search_term_string"}],"inLanguage":"de"},{"@type":"Organization","@id":"https:\/\/transvulcania.com\/de\/#organization","name":"Transvulcania Terrex 2026 - Ultramarathon La Palma","url":"https:\/\/transvulcania.com\/de\/","logo":{"@type":"ImageObject","inLanguage":"de","@id":"https:\/\/transvulcania.com\/de\/#\/schema\/logo\/image\/","url":"https:\/\/transvulcania.com\/wp-content\/uploads\/2024\/03\/Logo_Transvulcania_Terrex.png","contentUrl":"https:\/\/transvulcania.com\/wp-content\/uploads\/2024\/03\/Logo_Transvulcania_Terrex.png","width":431,"height":552,"caption":"Transvulcania Terrex 2026 - Ultramarathon La Palma"},"image":{"@id":"https:\/\/transvulcania.com\/de\/#\/schema\/logo\/image\/"}}]}},"_links":{"self":[{"href":"https:\/\/transvulcania.com\/de\/wp-json\/wp\/v2\/pages\/19790","targetHints":{"allow":["GET"]}}],"collection":[{"href":"https:\/\/transvulcania.com\/de\/wp-json\/wp\/v2\/pages"}],"about":[{"href":"https:\/\/transvulcania.com\/de\/wp-json\/wp\/v2\/types\/page"}],"author":[{"embeddable":true,"href":"https:\/\/transvulcania.com\/de\/wp-json\/wp\/v2\/users\/1"}],"replies":[{"embeddable":true,"href":"https:\/\/transvulcania.com\/de\/wp-json\/wp\/v2\/comments?post=19790"}],"version-history":[{"count":10,"href":"https:\/\/transvulcania.com\/de\/wp-json\/wp\/v2\/pages\/19790\/revisions"}],"predecessor-version":[{"id":21335,"href":"https:\/\/transvulcania.com\/de\/wp-json\/wp\/v2\/pages\/19790\/revisions\/21335"}],"wp:attachment":[{"href":"https:\/\/transvulcania.com\/de\/wp-json\/wp\/v2\/media?parent=19790"}],"curies":[{"name":"wp","href":"https:\/\/api.w.org\/{rel}","templated":true}]}}